{"id":986,"date":"2020-03-15T17:29:40","date_gmt":"2020-03-15T16:29:40","guid":{"rendered":"http:\/\/hubertus.panel03.it-service.bz.it\/natur-und-kultur\/"},"modified":"2020-04-20T12:13:52","modified_gmt":"2020-04-20T10:13:52","slug":"natura-e-cultura","status":"publish","type":"page","link":"https:\/\/www.haus-hubertus.it\/it\/natura-e-cultura\/","title":{"rendered":"Natura e cultura"},"content":{"rendered":"<p>[et_pb_section fb_built=&#8221;1&#8243; admin_label=&#8221;section&#8221; _builder_version=&#8221;4.3.2&#8243; background_enable_color=&#8221;off&#8221; custom_padding=&#8221;0px||0px|&#8221; transparent_background=&#8221;off&#8221; make_fullwidth=&#8221;off&#8221; use_custom_width=&#8221;off&#8221; width_unit=&#8221;off&#8221; custom_width_px=&#8221;1080px&#8221; custom_width_percent=&#8221;80%&#8221;][et_pb_row column_structure=&#8221;1_2,1_2&#8243; use_custom_gutter=&#8221;on&#8221; gutter_width=&#8221;1&#8243; make_equal=&#8221;on&#8221; admin_label=&#8221;row&#8221; module_id=&#8221;bici&#8221; module_class=&#8221; et_pb_row_fullwidth&#8221; _builder_version=&#8221;4.4.3&#8243; background_size=&#8221;initial&#8221; background_position=&#8221;top_left&#8221; background_repeat=&#8221;repeat&#8221; width=&#8221;100%&#8221; width_tablet=&#8221;100%&#8221; width_phone=&#8221;&#8221; width_last_edited=&#8221;on|desktop&#8221; max_width=&#8221;100%&#8221; max_width_tablet=&#8221;100%&#8221; max_width_phone=&#8221;&#8221; max_width_last_edited=&#8221;on|desktop&#8221; custom_margin=&#8221;0px|0px|0px|0px|false|false&#8221; custom_padding=&#8221;0px|0px|0px|0px|false|false&#8221; make_fullwidth=&#8221;on&#8221; use_custom_width=&#8221;off&#8221; width_unit=&#8221;off&#8221;][et_pb_column type=&#8221;1_2&#8243; _builder_version=&#8221;4.3.2&#8243; background_enable_color=&#8221;off&#8221; custom_padding=&#8221;100px|100px|100px|100px|false|false&#8221; custom_padding_tablet=&#8221;50px|50px|50px|50px|false|false&#8221; custom_padding_phone=&#8221;||||false|false&#8221; custom_padding_last_edited=&#8221;on|tablet&#8221; custom_css_main_element=&#8221;margin: auto&#8221; custom_padding__hover=&#8221;|||&#8221; custom_padding__hover_enabled=&#8221;off|hover&#8221;][et_pb_text admin_label=&#8221;Biken&#8221; _builder_version=&#8221;4.4.3&#8243;]<\/p>\n<h2 style=\"text-align: center;\">Bici<\/h2>\n<p style=\"text-align: center;\">\n<p style=\"text-align: center;\">Il nostro Apparthotel Garni Haus Huberts si trova nel mezzo di una rete ottimamente sviluppata di piste ciclabili e piste per mountain bike, nell&#8217;Alta Val Venosta. Inizia i tuoi piacevoli tour in bici direttamente da qui su piste ciclabili completamente asfaltate lungo l&#8217;Adige o attraverso i profumati prati. Per un divertimento ancora pi\u00f9 speciale, consigliamo escursioni in mountain bike su sentieri solitari attraverso i paesaggi montani mozzafiato dell&#8217;Alta Val Venosta.<\/p>\n<p style=\"text-align: center;\">Se mai dovessi spostarti pi\u00f9 lontano, puoi utilizzare gratuitamente tutte le linee di autobus e treni pubblici dell&#8217;Alto Adige con un solo biglietto, il &#8220;Vinschgaucard&#8221;.<\/p>\n<p>&nbsp;<\/p>\n<p style=\"text-align: center;\">[\/et_pb_text][et_pb_video src=&#8221;https:\/\/www.youtube.com\/watch?v=3Oj2OgDzXoQ&#8221; admin_label=&#8221;Video&#8221; _builder_version=&#8221;4.3.2&#8243; custom_margin=&#8221;0px|0px|0px|0px|false|false&#8221; custom_padding=&#8221;0px|0px|0px|0px|false|false&#8221;][\/et_pb_video][\/et_pb_column][et_pb_column type=&#8221;1_2&#8243; _builder_version=&#8221;4.3.2&#8243; background_image=&#8221;https:\/\/www.haus-hubertus.it\/wp-content\/uploads\/2020\/03\/biken.jpg&#8221; custom_padding=&#8221;0px|0px|0px|0px&#8221; custom_padding_tablet=&#8221;&#8221; custom_padding_phone=&#8221;&#8221; custom_padding_last_edited=&#8221;on|phone&#8221; custom_padding__hover=&#8221;|||&#8221;][\/et_pb_column][\/et_pb_row][\/et_pb_section][et_pb_section fb_built=&#8221;1&#8243; admin_label=&#8221;section&#8221; _builder_version=&#8221;4.3.2&#8243; background_enable_color=&#8221;off&#8221; custom_padding=&#8221;0px||0px|&#8221; transparent_background=&#8221;off&#8221; make_fullwidth=&#8221;off&#8221; use_custom_width=&#8221;off&#8221; width_unit=&#8221;off&#8221; custom_width_px=&#8221;1080px&#8221; custom_width_percent=&#8221;80%&#8221;][et_pb_row column_structure=&#8221;1_2,1_2&#8243; use_custom_gutter=&#8221;on&#8221; gutter_width=&#8221;1&#8243; make_equal=&#8221;on&#8221; admin_label=&#8221;row&#8221; module_id=&#8221;escursioni&#8221; module_class=&#8221; et_pb_row_fullwidth&#8221; _builder_version=&#8221;4.4.3&#8243; background_size=&#8221;initial&#8221; background_position=&#8221;top_left&#8221; background_repeat=&#8221;repeat&#8221; width=&#8221;100%&#8221; width_tablet=&#8221;100%&#8221; width_phone=&#8221;&#8221; width_last_edited=&#8221;on|desktop&#8221; max_width=&#8221;100%&#8221; max_width_tablet=&#8221;100%&#8221; max_width_phone=&#8221;&#8221; max_width_last_edited=&#8221;on|desktop&#8221; custom_margin=&#8221;0px|0px|0px|0px|false|false&#8221; custom_padding=&#8221;0px|0px|0px|0px|false|false&#8221; make_fullwidth=&#8221;on&#8221; use_custom_width=&#8221;off&#8221; width_unit=&#8221;off&#8221;][et_pb_column type=&#8221;1_2&#8243; _builder_version=&#8221;4.3.2&#8243; background_enable_color=&#8221;off&#8221; background_image=&#8221;https:\/\/www.haus-hubertus.it\/wp-content\/uploads\/2020\/03\/wandern1.jpg&#8221; custom_padding=&#8221;0px|0px|0px|0px|false|false&#8221; custom_padding_phone=&#8221;||||false|false&#8221; custom_padding_last_edited=&#8221;off|desktop&#8221; custom_padding__hover=&#8221;|||&#8221;][\/et_pb_column][et_pb_column type=&#8221;1_2&#8243; _builder_version=&#8221;4.3.2&#8243; background_enable_image=&#8221;off&#8221; custom_padding=&#8221;100px|100px|100px|100px|false|false&#8221; custom_padding_tablet=&#8221;50px|50px|50px|50px|false|false&#8221; custom_padding_phone=&#8221;50px|50px|50px|50px|false|false&#8221; custom_padding_last_edited=&#8221;on|desktop&#8221; custom_css_main_element=&#8221;margin: auto;&#8221; custom_padding__hover=&#8221;|||&#8221;][et_pb_text admin_label=&#8221;Wandern&#8221; _builder_version=&#8221;4.4.3&#8243;]<\/p>\n<h2 style=\"text-align: center;\">Escursioni<\/h2>\n<p style=\"text-align: center;\">Gli escursionisti e gli amanti della natura avranno i loro soldi in Val Venosta. Passeggiate rilassanti, biotopi, escursioni su piste pianeggianti e pianeggianti Waalweg, escursioni avventurose su vasti pascoli alpini o tour impegnativi sulle alte montagne vicino al Parco Nazionale dello Stelvio.<\/p>\n<p style=\"text-align: center;\">I punti di partenza di numerose bellissime escursioni sono raggiungibili a piedi, con i mezzi pubblici e in auto.<\/p>\n<p>&nbsp;<\/p>\n<p style=\"text-align: center;\">[\/et_pb_text][et_pb_video src=&#8221;https:\/\/www.youtube.com\/watch?v=dwnKcUe5VCg&#8221; admin_label=&#8221;Video&#8221; _builder_version=&#8221;3.0.47&#8243;][\/et_pb_video][\/et_pb_column][\/et_pb_row][et_pb_row column_structure=&#8221;1_2,1_2&#8243; admin_label=&#8221;Zeile&#8221; module_class=&#8221; et_pb_row_fullwidth&#8221; _builder_version=&#8221;4.3.2&#8243; background_color=&#8221;#eeeeee&#8221; background_size=&#8221;initial&#8221; background_position=&#8221;top_left&#8221; background_repeat=&#8221;repeat&#8221; width=&#8221;100%&#8221; width_tablet=&#8221;80%&#8221; width_phone=&#8221;&#8221; width_last_edited=&#8221;on|desktop&#8221; max_width=&#8221;2560px&#8221; max_width_tablet=&#8221;80%&#8221; max_width_last_edited=&#8221;off|desktop&#8221; module_alignment=&#8221;center&#8221; custom_padding=&#8221;||||false|false&#8221; make_fullwidth=&#8221;on&#8221; use_custom_width=&#8221;off&#8221; width_unit=&#8221;on&#8221;][et_pb_column type=&#8221;1_2&#8243; _builder_version=&#8221;4.3.2&#8243; custom_padding=&#8221;50px||50px||false|false&#8221; custom_padding__hover=&#8221;|||&#8221;][et_pb_blurb title=&#8221;I sentieri escursionistici pi\u00f9 belli della Val Venosta&#8221; url=&#8221;https:\/\/www.haus-hubertus.it\/wp-content\/uploads\/2020\/03\/vinschgau_wanderwege.pdf&#8221; url_new_window=&#8221;on&#8221; use_icon=&#8221;on&#8221; font_icon=&#8221;%%121%%&#8221; use_icon_font_size=&#8221;on&#8221; icon_font_size=&#8221;60&#8243; admin_label=&#8221;Wanderwege&#8221; _builder_version=&#8221;4.4.3&#8243; header_font_size=&#8221;14&#8243; background_size=&#8221;initial&#8221; background_position=&#8221;top_left&#8221; background_repeat=&#8221;repeat&#8221; text_orientation=&#8221;center&#8221; link_option_url=&#8221;https:\/\/www.haus-hubertus.it\/wp-content\/uploads\/2020\/03\/vinschgau_wanderwege.pdf&#8221; link_option_url_new_window=&#8221;on&#8221; use_border_color=&#8221;off&#8221; border_color=&#8221;#ffffff&#8221; border_style=&#8221;solid&#8221;][\/et_pb_blurb][\/et_pb_column][et_pb_column type=&#8221;1_2&#8243; _builder_version=&#8221;4.3.2&#8243; custom_padding=&#8221;50px||50px||false|false&#8221; custom_padding__hover=&#8221;|||&#8221;][et_pb_blurb title=&#8221;Mappa escursionistica interattiva&#8221; url=&#8221;http:\/\/maps.vinschgau.net\/&#8221; url_new_window=&#8221;on&#8221; use_icon=&#8221;on&#8221; font_icon=&#8221;%%124%%&#8221; use_icon_font_size=&#8221;on&#8221; icon_font_size=&#8221;60&#8243; admin_label=&#8221;Wanderkarte&#8221; _builder_version=&#8221;4.4.3&#8243; header_font_size=&#8221;14&#8243; background_size=&#8221;initial&#8221; background_position=&#8221;top_left&#8221; background_repeat=&#8221;repeat&#8221; text_orientation=&#8221;center&#8221; link_option_url=&#8221;http:\/\/maps.vinschgau.net\/&#8221; link_option_url_new_window=&#8221;on&#8221; use_border_color=&#8221;off&#8221; border_color=&#8221;#ffffff&#8221; border_style=&#8221;solid&#8221;][\/et_pb_blurb][\/et_pb_column][\/et_pb_row][\/et_pb_section][et_pb_section fb_built=&#8221;1&#8243; admin_label=&#8221;section&#8221; _builder_version=&#8221;4.3.2&#8243; background_enable_color=&#8221;off&#8221; custom_padding=&#8221;0px||0px|&#8221; transparent_background=&#8221;off&#8221; make_fullwidth=&#8221;off&#8221; use_custom_width=&#8221;off&#8221; width_unit=&#8221;off&#8221; custom_width_px=&#8221;1080px&#8221; custom_width_percent=&#8221;80%&#8221;][et_pb_row column_structure=&#8221;1_2,1_2&#8243; use_custom_gutter=&#8221;on&#8221; gutter_width=&#8221;1&#8243; make_equal=&#8221;on&#8221; admin_label=&#8221;row&#8221; module_id=&#8221;inverno&#8221; module_class=&#8221; et_pb_row_fullwidth&#8221; _builder_version=&#8221;4.4.3&#8243; background_size=&#8221;initial&#8221; background_position=&#8221;top_left&#8221; background_repeat=&#8221;repeat&#8221; width=&#8221;100%&#8221; width_tablet=&#8221;100%&#8221; width_phone=&#8221;&#8221; width_last_edited=&#8221;on|desktop&#8221; max_width=&#8221;100%&#8221; max_width_tablet=&#8221;100%&#8221; max_width_phone=&#8221;&#8221; max_width_last_edited=&#8221;on|desktop&#8221; custom_margin=&#8221;0px|0px|0px|0px|false|false&#8221; custom_padding=&#8221;0px|0px|0px|0px|false|false&#8221; make_fullwidth=&#8221;on&#8221; use_custom_width=&#8221;off&#8221; width_unit=&#8221;off&#8221;][et_pb_column type=&#8221;1_2&#8243; _builder_version=&#8221;4.3.2&#8243; background_enable_color=&#8221;off&#8221; custom_padding=&#8221;100px|100px|100px|100px|false|false&#8221; custom_padding_tablet=&#8221;50px|50px|50px|50px|false|false&#8221; custom_padding_phone=&#8221;||||false|false&#8221; custom_padding_last_edited=&#8221;on|tablet&#8221; custom_css_main_element=&#8221;margin: auto&#8221; custom_padding__hover=&#8221;|||&#8221; custom_padding__hover_enabled=&#8221;off|hover&#8221;][et_pb_text admin_label=&#8221;Winterspa\u00df&#8221; _builder_version=&#8221;4.4.3&#8243;]<\/p>\n<h2 style=\"text-align: center;\">Sport invernali<\/h2>\n<p>&nbsp;<\/p>\n<h3 style=\"text-align: center;\">Sci<\/h3>\n<p>&nbsp;<\/p>\n<p style=\"text-align: center;\">Uno skipass unico per 5 comprensori sciistici con 211 km di piste<\/p>\n<p>&nbsp;<\/p>\n<h3 style=\"text-align: center;\">Langlaufen<\/h3>\n<p>&nbsp;<\/p>\n<p style=\"text-align: center;\">5 km di anelli da fondo, ben battuti (skating e diagonale) e adatti per principianti ed esperti, conducono dal paese di Slingia (1.726 m) fino alla Malga Slingia (Alp Planbell 1.868 m). Dislivello: 230 m.<\/p>\n<p>&nbsp;<\/p>\n<h3 style=\"text-align: center;\">Sci alpinismo &amp; Trekking sulla neve<\/h3>\n<p>&nbsp;<\/p>\n<p style=\"text-align: center;\">In Val Venosta si trova uno dei pi\u00f9 bei territori per lo sci alpinismo di tutto l\u2019Alto Adige. Le gite in racchette da neve, inoltre, sono un\u2019indimenticabile esperienza di incontro con la natura. Scoprite l\u2019immacolato paesaggio invernale della Val Venosta e lasciatevi conquistare dalla quiete e dalla bellezza della natura.<\/p>\n<p>&nbsp;<\/p>\n<p style=\"text-align: center;\">[\/et_pb_text][et_pb_video src=&#8221;https:\/\/www.youtube.com\/watch?v=7EjwjMSQ1GU&#8221; admin_label=&#8221;Video&#8221; _builder_version=&#8221;3.0.47&#8243;][\/et_pb_video][\/et_pb_column][et_pb_column type=&#8221;1_2&#8243; _builder_version=&#8221;4.3.2&#8243; background_image=&#8221;https:\/\/www.haus-hubertus.it\/wp-content\/uploads\/2020\/03\/winter.jpg&#8221; custom_padding=&#8221;0px|0px|0px|0px&#8221; custom_padding_tablet=&#8221;&#8221; custom_padding_phone=&#8221;&#8221; custom_padding_last_edited=&#8221;on|phone&#8221; custom_padding__hover=&#8221;|||&#8221;][\/et_pb_column][\/et_pb_row][\/et_pb_section][et_pb_section fb_built=&#8221;1&#8243; admin_label=&#8221;section&#8221; _builder_version=&#8221;4.3.2&#8243; background_enable_color=&#8221;off&#8221; custom_padding=&#8221;0px||0px|&#8221; transparent_background=&#8221;off&#8221; make_fullwidth=&#8221;off&#8221; use_custom_width=&#8221;off&#8221; width_unit=&#8221;off&#8221; custom_width_px=&#8221;1080px&#8221; custom_width_percent=&#8221;80%&#8221;][et_pb_row column_structure=&#8221;1_2,1_2&#8243; use_custom_gutter=&#8221;on&#8221; gutter_width=&#8221;1&#8243; make_equal=&#8221;on&#8221; admin_label=&#8221;row&#8221; module_id=&#8221;cultura&#8221; module_class=&#8221; et_pb_row_fullwidth&#8221; _builder_version=&#8221;4.4.3&#8243; background_size=&#8221;initial&#8221; background_position=&#8221;top_left&#8221; background_repeat=&#8221;repeat&#8221; width=&#8221;100%&#8221; width_tablet=&#8221;100%&#8221; width_phone=&#8221;&#8221; width_last_edited=&#8221;on|desktop&#8221; max_width=&#8221;100%&#8221; max_width_tablet=&#8221;100%&#8221; max_width_phone=&#8221;&#8221; max_width_last_edited=&#8221;on|desktop&#8221; custom_margin=&#8221;0px|0px|0px|0px|false|false&#8221; custom_padding=&#8221;0px|0px|0px|0px|false|false&#8221; make_fullwidth=&#8221;on&#8221; use_custom_width=&#8221;off&#8221; width_unit=&#8221;off&#8221;][et_pb_column type=&#8221;1_2&#8243; _builder_version=&#8221;4.3.2&#8243; background_enable_color=&#8221;off&#8221; background_image=&#8221;https:\/\/www.haus-hubertus.it\/wp-content\/uploads\/2020\/03\/marienberg.jpg&#8221; custom_padding=&#8221;0px|0px|0px|0px|false|false&#8221; custom_padding_phone=&#8221;||||false|false&#8221; custom_padding_last_edited=&#8221;off|desktop&#8221; custom_padding__hover=&#8221;|||&#8221;][\/et_pb_column][et_pb_column type=&#8221;1_2&#8243; _builder_version=&#8221;4.3.2&#8243; background_enable_image=&#8221;off&#8221; custom_padding=&#8221;100px|100px|100px|100px|false|false&#8221; custom_padding_tablet=&#8221;50px|50px|50px|50px|false|false&#8221; custom_padding_phone=&#8221;50px|50px|50px|50px|false|false&#8221; custom_padding_last_edited=&#8221;on|desktop&#8221; custom_css_main_element=&#8221;margin: auto;&#8221; custom_padding__hover=&#8221;|||&#8221;][et_pb_text admin_label=&#8221;Kulturzeit&#8221; _builder_version=&#8221;4.4.3&#8243; hover_enabled=&#8221;0&#8243;]<\/p>\n<h2 style=\"text-align: center;\">Cultura<\/h2>\n<p style=\"text-align: center;\">Essendo una zona di confine immersa in un paesaggio di montagna, la Val Venosta fu contesa da numerosi regnanti e per questo motivo sub\u00ec diverse influenze tali da renderla unica. Ci sono alcune aree in cui il visitatore riesce a farsi un quadro quasi completo della storia di questi luoghi, dalle origini ai giorni nostri!<\/p>\n<p style=\"text-align: center;\">Dagli affreschi carolingi agli edifici romanici e ai dipinti, fino ad arrivare ad opere architettoniche estremamente moderne, sono tanti i monumenti che \u00e8 possibile trovare. il Vinschger, cos\u00ec si dice, pare sia stato un individualista, che molto spesso \u00e8 riuscito a fare di necessit\u00e0 virt\u00f9. La sua cultura di insediamento \u00e8 stata influenzata fortemente dal romancio.<\/p>\n<p>&nbsp;<\/p>\n<p>[\/et_pb_text][et_pb_video src=&#8221;https:\/\/www.youtube.com\/watch?v=eTowAFyodok&#8221; admin_label=&#8221;Video&#8221; _builder_version=&#8221;3.0.47&#8243;][\/et_pb_video][\/et_pb_column][\/et_pb_row][\/et_pb_section]<\/p>\n","protected":false},"excerpt":{"rendered":"<p>Bici Il nostro Apparthotel Garni Haus Huberts si trova nel mezzo di una rete ottimamente sviluppata di piste ciclabili e piste per mountain bike, nell&#8217;Alta Val Venosta. Inizia i tuoi piacevoli tour in bici direttamente da qui su piste ciclabili completamente asfaltate lungo l&#8217;Adige o attraverso i profumati prati. Per un divertimento ancora pi\u00f9 speciale, [&hellip;]<\/p>\n","protected":false},"author":2,"featured_media":0,"parent":0,"menu_order":0,"comment_status":"closed","ping_status":"closed","template":"","meta":{"_et_pb_use_builder":"on","_et_pb_old_content":"","_et_gb_content_width":"","footnotes":""},"class_list":["post-986","page","type-page","status-publish","hentry"],"yoast_head":"<!-- This site is optimized with the Yoast SEO plugin v26.5 - https:\/\/yoast.com\/wordpress\/plugins\/seo\/ -->\n<title>Natura e cultura - Aparthotel Garni Haus Hubertus ***<\/title>\n<meta name=\"robots\" content=\"index, follow, max-snippet:-1, max-image-preview:large, max-video-preview:-1\" \/>\n<link rel=\"canonical\" href=\"https:\/\/www.haus-hubertus.it\/it\/natura-e-cultura\/\" \/>\n<meta property=\"og:locale\" content=\"it_IT\" \/>\n<meta property=\"og:type\" content=\"article\" \/>\n<meta property=\"og:title\" content=\"Natura e cultura - Aparthotel Garni Haus Hubertus ***\" \/>\n<meta property=\"og:description\" content=\"Bici Il nostro Apparthotel Garni Haus Huberts si trova nel mezzo di una rete ottimamente sviluppata di piste ciclabili e piste per mountain bike, nell&#039;Alta Val Venosta. Inizia i tuoi piacevoli tour in bici direttamente da qui su piste ciclabili completamente asfaltate lungo l&#039;Adige o attraverso i profumati prati. Per un divertimento ancora pi\u00f9 speciale, [&hellip;]\" \/>\n<meta property=\"og:url\" content=\"https:\/\/www.haus-hubertus.it\/it\/natura-e-cultura\/\" \/>\n<meta property=\"og:site_name\" content=\"Aparthotel Garni Haus Hubertus ***\" \/>\n<meta property=\"article:modified_time\" content=\"2020-04-20T10:13:52+00:00\" \/>\n<meta name=\"twitter:card\" content=\"summary_large_image\" \/>\n<meta name=\"twitter:label1\" content=\"Tempo di lettura stimato\" \/>\n\t<meta name=\"twitter:data1\" content=\"9 minuti\" \/>\n<script type=\"application\/ld+json\" class=\"yoast-schema-graph\">{\"@context\":\"https:\/\/schema.org\",\"@graph\":[{\"@type\":\"WebPage\",\"@id\":\"https:\/\/www.haus-hubertus.it\/it\/natura-e-cultura\/\",\"url\":\"https:\/\/www.haus-hubertus.it\/it\/natura-e-cultura\/\",\"name\":\"Natura e cultura - Aparthotel Garni Haus Hubertus ***\",\"isPartOf\":{\"@id\":\"https:\/\/hubertus.panel03.it-service.bz.it\/#website\"},\"datePublished\":\"2020-03-15T16:29:40+00:00\",\"dateModified\":\"2020-04-20T10:13:52+00:00\",\"breadcrumb\":{\"@id\":\"https:\/\/www.haus-hubertus.it\/it\/natura-e-cultura\/#breadcrumb\"},\"inLanguage\":\"it-IT\",\"potentialAction\":[{\"@type\":\"ReadAction\",\"target\":[\"https:\/\/www.haus-hubertus.it\/it\/natura-e-cultura\/\"]}]},{\"@type\":\"BreadcrumbList\",\"@id\":\"https:\/\/www.haus-hubertus.it\/it\/natura-e-cultura\/#breadcrumb\",\"itemListElement\":[{\"@type\":\"ListItem\",\"position\":1,\"name\":\"Startseite\",\"item\":\"https:\/\/www.haus-hubertus.it\/it\/\"},{\"@type\":\"ListItem\",\"position\":2,\"name\":\"Natura e cultura\"}]},{\"@type\":\"WebSite\",\"@id\":\"https:\/\/hubertus.panel03.it-service.bz.it\/#website\",\"url\":\"https:\/\/hubertus.panel03.it-service.bz.it\/\",\"name\":\"Aparthotel Garni Haus Hubertus ***\",\"description\":\"Vacanze nel soleggiato Alto Adige con vista sul Re Ortles e sul Monastero di Marienberg\",\"potentialAction\":[{\"@type\":\"SearchAction\",\"target\":{\"@type\":\"EntryPoint\",\"urlTemplate\":\"https:\/\/hubertus.panel03.it-service.bz.it\/?s={search_term_string}\"},\"query-input\":{\"@type\":\"PropertyValueSpecification\",\"valueRequired\":true,\"valueName\":\"search_term_string\"}}],\"inLanguage\":\"it-IT\"}]}<\/script>\n<!-- \/ Yoast SEO plugin. -->","yoast_head_json":{"title":"Natura e cultura - Aparthotel Garni Haus Hubertus ***","robots":{"index":"index","follow":"follow","max-snippet":"max-snippet:-1","max-image-preview":"max-image-preview:large","max-video-preview":"max-video-preview:-1"},"canonical":"https:\/\/www.haus-hubertus.it\/it\/natura-e-cultura\/","og_locale":"it_IT","og_type":"article","og_title":"Natura e cultura - Aparthotel Garni Haus Hubertus ***","og_description":"Bici Il nostro Apparthotel Garni Haus Huberts si trova nel mezzo di una rete ottimamente sviluppata di piste ciclabili e piste per mountain bike, nell'Alta Val Venosta. Inizia i tuoi piacevoli tour in bici direttamente da qui su piste ciclabili completamente asfaltate lungo l'Adige o attraverso i profumati prati. Per un divertimento ancora pi\u00f9 speciale, [&hellip;]","og_url":"https:\/\/www.haus-hubertus.it\/it\/natura-e-cultura\/","og_site_name":"Aparthotel Garni Haus Hubertus ***","article_modified_time":"2020-04-20T10:13:52+00:00","twitter_card":"summary_large_image","twitter_misc":{"Tempo di lettura stimato":"9 minuti"},"schema":{"@context":"https:\/\/schema.org","@graph":[{"@type":"WebPage","@id":"https:\/\/www.haus-hubertus.it\/it\/natura-e-cultura\/","url":"https:\/\/www.haus-hubertus.it\/it\/natura-e-cultura\/","name":"Natura e cultura - Aparthotel Garni Haus Hubertus ***","isPartOf":{"@id":"https:\/\/hubertus.panel03.it-service.bz.it\/#website"},"datePublished":"2020-03-15T16:29:40+00:00","dateModified":"2020-04-20T10:13:52+00:00","breadcrumb":{"@id":"https:\/\/www.haus-hubertus.it\/it\/natura-e-cultura\/#breadcrumb"},"inLanguage":"it-IT","potentialAction":[{"@type":"ReadAction","target":["https:\/\/www.haus-hubertus.it\/it\/natura-e-cultura\/"]}]},{"@type":"BreadcrumbList","@id":"https:\/\/www.haus-hubertus.it\/it\/natura-e-cultura\/#breadcrumb","itemListElement":[{"@type":"ListItem","position":1,"name":"Startseite","item":"https:\/\/www.haus-hubertus.it\/it\/"},{"@type":"ListItem","position":2,"name":"Natura e cultura"}]},{"@type":"WebSite","@id":"https:\/\/hubertus.panel03.it-service.bz.it\/#website","url":"https:\/\/hubertus.panel03.it-service.bz.it\/","name":"Aparthotel Garni Haus Hubertus ***","description":"Vacanze nel soleggiato Alto Adige con vista sul Re Ortles e sul Monastero di Marienberg","potentialAction":[{"@type":"SearchAction","target":{"@type":"EntryPoint","urlTemplate":"https:\/\/hubertus.panel03.it-service.bz.it\/?s={search_term_string}"},"query-input":{"@type":"PropertyValueSpecification","valueRequired":true,"valueName":"search_term_string"}}],"inLanguage":"it-IT"}]}},"_links":{"self":[{"href":"https:\/\/www.haus-hubertus.it\/it\/wp-json\/wp\/v2\/pages\/986","targetHints":{"allow":["GET"]}}],"collection":[{"href":"https:\/\/www.haus-hubertus.it\/it\/wp-json\/wp\/v2\/pages"}],"about":[{"href":"https:\/\/www.haus-hubertus.it\/it\/wp-json\/wp\/v2\/types\/page"}],"author":[{"embeddable":true,"href":"https:\/\/www.haus-hubertus.it\/it\/wp-json\/wp\/v2\/users\/2"}],"replies":[{"embeddable":true,"href":"https:\/\/www.haus-hubertus.it\/it\/wp-json\/wp\/v2\/comments?post=986"}],"version-history":[{"count":6,"href":"https:\/\/www.haus-hubertus.it\/it\/wp-json\/wp\/v2\/pages\/986\/revisions"}],"predecessor-version":[{"id":1091,"href":"https:\/\/www.haus-hubertus.it\/it\/wp-json\/wp\/v2\/pages\/986\/revisions\/1091"}],"wp:attachment":[{"href":"https:\/\/www.haus-hubertus.it\/it\/wp-json\/wp\/v2\/media?parent=986"}],"curies":[{"name":"wp","href":"https:\/\/api.w.org\/{rel}","templated":true}]}}